{"id":3658,"date":"2024-01-31T16:01:57","date_gmt":"2024-01-31T15:01:57","guid":{"rendered":"https:\/\/elektroinstall.cz\/?page_id=3658"},"modified":"2024-12-29T14:10:29","modified_gmt":"2024-12-29T13:10:29","slug":"elektricka-pozarni-signalizace-hala-praha-sag","status":"publish","type":"page","link":"https:\/\/elektroinstall.cz\/?page_id=3658","title":{"rendered":"Elektrick\u00e1 po\u017e\u00e1rn\u00ed signalizace \u2013 HALA Praha SAG (SEGRO)"},"content":{"rendered":"\n<div class=\"wp-block-responsive-lightbox-gallery\"><div class=\"rl-gallery-container rl-loading\" id=\"rl-gallery-container-1\" data-gallery_id=\"3628\"> <div class=\"rl-gallery rl-basicgrid-gallery \" id=\"rl-gallery-1\" data-gallery_no=\"1\"> <div class=\"rl-gallery-item\"><a href=\"https:\/\/elektroinstall.cz\/wp-content\/uploads\/2024\/01\/IMG_6062-1-1536x2048.jpg\" title=\"Skladov\u00e1 hala - SAG\" data-rl_title=\"Skladov\u00e1 hala - SAG\" class=\"rl-gallery-link\" data-rl_caption=\"Skladov\u00e1 hala - SAG\" data-rel=\"lightbox-gallery-1\"><img loading=\"lazy\" decoding=\"async\" src=\"https:\/\/elektroinstall.cz\/wp-content\/uploads\/2024\/01\/IMG_6062-1-1536x2048.jpg\" width=\"1536\" height=\"2048\" alt=\"Skladov\u00e1 hala - SAG\" \/><span class=\"rl-gallery-caption\"><span class=\"rl-gallery-item-title\">Skladov\u00e1 hala - SAG<\/span><\/span><\/a><\/div><div class=\"rl-gallery-item\"><a href=\"https:\/\/elektroinstall.cz\/wp-content\/uploads\/2024\/01\/IMG_6063-1536x2048.jpg\" title=\"EPS skladov\u00e9 haly - SAG\" data-rl_title=\"EPS skladov\u00e9 haly - SAG\" class=\"rl-gallery-link\" data-rl_caption=\"EPS skladov\u00e9 haly - SAG\" data-rel=\"lightbox-gallery-1\"><img loading=\"lazy\" decoding=\"async\" src=\"https:\/\/elektroinstall.cz\/wp-content\/uploads\/2024\/01\/IMG_6063-1536x2048.jpg\" width=\"1536\" height=\"2048\" alt=\"EPS skladov\u00e9 haly - SAG\" \/><span class=\"rl-gallery-caption\"><span class=\"rl-gallery-item-title\">EPS skladov\u00e9 haly - SAG<\/span><\/span><\/a><\/div><div class=\"rl-gallery-item\"><a href=\"https:\/\/elektroinstall.cz\/wp-content\/uploads\/2024\/01\/IMG_6065-1536x2048.jpg\" title=\"EPS skladov\u00e9 haly - SAG\" data-rl_title=\"EPS skladov\u00e9 haly - SAG\" class=\"rl-gallery-link\" data-rl_caption=\"EPS skladov\u00e9 haly - SAG\" data-rel=\"lightbox-gallery-1\"><img loading=\"lazy\" decoding=\"async\" src=\"https:\/\/elektroinstall.cz\/wp-content\/uploads\/2024\/01\/IMG_6065-1536x2048.jpg\" width=\"1536\" height=\"2048\" alt=\"EPS skladov\u00e9 haly - SAG\" \/><span class=\"rl-gallery-caption\"><span class=\"rl-gallery-item-title\">EPS skladov\u00e9 haly - SAG<\/span><\/span><\/a><\/div><div class=\"rl-gallery-item\"><a href=\"https:\/\/elektroinstall.cz\/wp-content\/uploads\/2024\/01\/IMG_6195-1536x2048.jpg\" title=\"Um\u00edst\u011bn\u00ed poplachov\u00fdch sir\u00e9n na reg\u00e1ly - Skladov\u00e1 hala - SAG\" data-rl_title=\"Um\u00edst\u011bn\u00ed poplachov\u00fdch sir\u00e9n na reg\u00e1ly - Skladov\u00e1 hala - SAG\" class=\"rl-gallery-link\" data-rl_caption=\"Um\u00edst\u011bn\u00ed poplachov\u00fdch sir\u00e9n na reg\u00e1ly - Skladov\u00e1 hala - SAG\" data-rel=\"lightbox-gallery-1\"><img loading=\"lazy\" decoding=\"async\" src=\"https:\/\/elektroinstall.cz\/wp-content\/uploads\/2024\/01\/IMG_6195-1536x2048.jpg\" width=\"1536\" height=\"2048\" alt=\"Um\u00edst\u011bn\u00ed poplachov\u00fdch sir\u00e9n na reg\u00e1ly - Skladov\u00e1 hala - SAG\" \/><span class=\"rl-gallery-caption\"><span class=\"rl-gallery-item-title\">Um\u00edst\u011bn\u00ed poplachov\u00fdch sir\u00e9n na reg\u00e1ly - Skladov\u00e1 hala - SAG<\/span><\/span><\/a><\/div><div class=\"rl-gallery-item\"><a href=\"https:\/\/elektroinstall.cz\/wp-content\/uploads\/2024\/01\/IMG_6270-1536x2048.jpg\" title=\"Um\u00edst\u011bn\u00ed poplachov\u00fdch sir\u00e9n na reg\u00e1ly - Skladov\u00e1 hala - SAG\" data-rl_title=\"Um\u00edst\u011bn\u00ed poplachov\u00fdch sir\u00e9n na reg\u00e1ly - Skladov\u00e1 hala - SAG\" class=\"rl-gallery-link\" data-rl_caption=\"Um\u00edst\u011bn\u00ed poplachov\u00fdch sir\u00e9n na reg\u00e1ly - Skladov\u00e1 hala - SAG\" data-rel=\"lightbox-gallery-1\"><img loading=\"lazy\" decoding=\"async\" src=\"https:\/\/elektroinstall.cz\/wp-content\/uploads\/2024\/01\/IMG_6270-1536x2048.jpg\" width=\"1536\" height=\"2048\" alt=\"Um\u00edst\u011bn\u00ed poplachov\u00fdch sir\u00e9n na reg\u00e1ly - Skladov\u00e1 hala - SAG\" \/><span class=\"rl-gallery-caption\"><span class=\"rl-gallery-item-title\">Um\u00edst\u011bn\u00ed poplachov\u00fdch sir\u00e9n na reg\u00e1ly - Skladov\u00e1 hala - SAG<\/span><\/span><\/a><\/div><div class=\"rl-gallery-item\"><a href=\"https:\/\/elektroinstall.cz\/wp-content\/uploads\/2024\/01\/IMG_6340-1536x2048.jpg\" title=\"Veden\u00ed kabel\u016f po\u017e\u00e1rn\u00edch hl\u00e1si\u010d\u016f na strop\u011b- Skladov\u00e1 hala - SAG\" data-rl_title=\"Veden\u00ed kabel\u016f po\u017e\u00e1rn\u00edch hl\u00e1si\u010d\u016f na strop\u011b- Skladov\u00e1 hala - SAG\" class=\"rl-gallery-link\" data-rl_caption=\"Veden\u00ed kabel\u016f po\u017e\u00e1rn\u00edch hl\u00e1si\u010d\u016f na strop\u011b- Skladov\u00e1 hala - SAG\" data-rel=\"lightbox-gallery-1\"><img loading=\"lazy\" decoding=\"async\" src=\"https:\/\/elektroinstall.cz\/wp-content\/uploads\/2024\/01\/IMG_6340-1536x2048.jpg\" width=\"1536\" height=\"2048\" alt=\"Veden\u00ed kabel\u016f po\u017e\u00e1rn\u00edch hl\u00e1si\u010d\u016f na strop\u011b- Skladov\u00e1 hala - SAG\" \/><span class=\"rl-gallery-caption\"><span class=\"rl-gallery-item-title\">Veden\u00ed kabel\u016f po\u017e\u00e1rn\u00edch hl\u00e1si\u010d\u016f na strop\u011b- Skladov\u00e1 hala - SAG<\/span><\/span><\/a><\/div><div class=\"rl-gallery-item\"><a href=\"https:\/\/elektroinstall.cz\/wp-content\/uploads\/2024\/01\/IMG_6276-1536x2048.jpg\" title=\"Veden\u00ed kabel\u016f po\u017e\u00e1rn\u00edch hl\u00e1si\u010d\u016f na strop\u011b- Skladov\u00e1 hala - SAG\" data-rl_title=\"Veden\u00ed kabel\u016f po\u017e\u00e1rn\u00edch hl\u00e1si\u010d\u016f na strop\u011b- Skladov\u00e1 hala - SAG\" class=\"rl-gallery-link\" data-rl_caption=\"Veden\u00ed kabel\u016f po\u017e\u00e1rn\u00edch hl\u00e1si\u010d\u016f na strop\u011b- Skladov\u00e1 hala - SAG\" data-rel=\"lightbox-gallery-1\"><img loading=\"lazy\" decoding=\"async\" src=\"https:\/\/elektroinstall.cz\/wp-content\/uploads\/2024\/01\/IMG_6276-1536x2048.jpg\" width=\"1536\" height=\"2048\" alt=\"Veden\u00ed kabel\u016f po\u017e\u00e1rn\u00edch hl\u00e1si\u010d\u016f na strop\u011b- Skladov\u00e1 hala - SAG\" \/><span class=\"rl-gallery-caption\"><span class=\"rl-gallery-item-title\">Veden\u00ed kabel\u016f po\u017e\u00e1rn\u00edch hl\u00e1si\u010d\u016f na strop\u011b- Skladov\u00e1 hala - SAG<\/span><\/span><\/a><\/div><div class=\"rl-gallery-item\"><a href=\"https:\/\/elektroinstall.cz\/wp-content\/uploads\/2024\/01\/IMG_6286-1536x2048.jpg\" title=\"P\u0159\u00edprava pro zapojen\u00ed opticko-kou\u0159ov\u00e9ho hl\u00e1si\u010de na strop\u011b - Skladov\u00e1 hala - SAG\" data-rl_title=\"P\u0159\u00edprava pro zapojen\u00ed opticko-kou\u0159ov\u00e9ho hl\u00e1si\u010de na strop\u011b - Skladov\u00e1 hala - SAG\" class=\"rl-gallery-link\" data-rl_caption=\"P\u0159\u00edprava pro zapojen\u00ed opticko-kou\u0159ov\u00e9ho hl\u00e1si\u010de na strop\u011b - Skladov\u00e1 hala - SAG\" data-rel=\"lightbox-gallery-1\"><img loading=\"lazy\" decoding=\"async\" src=\"https:\/\/elektroinstall.cz\/wp-content\/uploads\/2024\/01\/IMG_6286-1536x2048.jpg\" width=\"1536\" height=\"2048\" alt=\"P\u0159\u00edprava pro zapojen\u00ed opticko-kou\u0159ov\u00e9ho hl\u00e1si\u010de na strop\u011b - Skladov\u00e1 hala - SAG\" \/><span class=\"rl-gallery-caption\"><span class=\"rl-gallery-item-title\">P\u0159\u00edprava pro zapojen\u00ed opticko-kou\u0159ov\u00e9ho hl\u00e1si\u010de na strop\u011b - Skladov\u00e1 hala - SAG<\/span><\/span><\/a><\/div><div class=\"rl-gallery-item\"><a href=\"https:\/\/elektroinstall.cz\/wp-content\/uploads\/2024\/01\/IMG_6265-1536x2048.jpg\" title=\"P\u0159\u00edprava pro zapojen\u00ed opticko-kou\u0159ov\u00e9ho hl\u00e1si\u010de na strop\u011b - Skladov\u00e1 hala - SAG\" data-rl_title=\"P\u0159\u00edprava pro zapojen\u00ed opticko-kou\u0159ov\u00e9ho hl\u00e1si\u010de na strop\u011b - Skladov\u00e1 hala - SAG\" class=\"rl-gallery-link\" data-rl_caption=\"P\u0159\u00edprava pro zapojen\u00ed opticko-kou\u0159ov\u00e9ho hl\u00e1si\u010de na strop\u011b - Skladov\u00e1 hala - SAG\" data-rel=\"lightbox-gallery-1\"><img loading=\"lazy\" decoding=\"async\" src=\"https:\/\/elektroinstall.cz\/wp-content\/uploads\/2024\/01\/IMG_6265-1536x2048.jpg\" width=\"1536\" height=\"2048\" alt=\"P\u0159\u00edprava pro zapojen\u00ed opticko-kou\u0159ov\u00e9ho hl\u00e1si\u010de na strop\u011b - Skladov\u00e1 hala - SAG\" \/><span class=\"rl-gallery-caption\"><span class=\"rl-gallery-item-title\">P\u0159\u00edprava pro zapojen\u00ed opticko-kou\u0159ov\u00e9ho hl\u00e1si\u010de na strop\u011b - Skladov\u00e1 hala - SAG<\/span><\/span><\/a><\/div><div class=\"rl-gallery-item\"><a href=\"https:\/\/elektroinstall.cz\/wp-content\/uploads\/2024\/01\/IMG_6338-1536x2048.jpg\" title=\"P\u0159\u00edprava pro zapojen\u00ed opticko-kou\u0159ov\u00e9ho hl\u00e1si\u010de na strop\u011b - Skladov\u00e1 hala - SAG\" data-rl_title=\"P\u0159\u00edprava pro zapojen\u00ed opticko-kou\u0159ov\u00e9ho hl\u00e1si\u010de na strop\u011b - Skladov\u00e1 hala - SAG\" class=\"rl-gallery-link\" data-rl_caption=\"P\u0159\u00edprava pro zapojen\u00ed opticko-kou\u0159ov\u00e9ho hl\u00e1si\u010de na strop\u011b - Skladov\u00e1 hala - SAG\" data-rel=\"lightbox-gallery-1\"><img loading=\"lazy\" decoding=\"async\" src=\"https:\/\/elektroinstall.cz\/wp-content\/uploads\/2024\/01\/IMG_6338-1536x2048.jpg\" width=\"1536\" height=\"2048\" alt=\"P\u0159\u00edprava pro zapojen\u00ed opticko-kou\u0159ov\u00e9ho hl\u00e1si\u010de na strop\u011b - Skladov\u00e1 hala - SAG\" \/><span class=\"rl-gallery-caption\"><span class=\"rl-gallery-item-title\">P\u0159\u00edprava pro zapojen\u00ed opticko-kou\u0159ov\u00e9ho hl\u00e1si\u010de na strop\u011b - Skladov\u00e1 hala - SAG<\/span><\/span><\/a><\/div><div class=\"rl-gallery-item\"><a href=\"https:\/\/elektroinstall.cz\/wp-content\/uploads\/2024\/01\/IMG_6332-1536x2048.jpg\" title=\"P\u0159\u00edprava pro zapojen\u00ed opticko-kou\u0159ov\u00e9ho hl\u00e1si\u010de na strop\u011b - Skladov\u00e1 hala - SAG\" data-rl_title=\"P\u0159\u00edprava pro zapojen\u00ed opticko-kou\u0159ov\u00e9ho hl\u00e1si\u010de na strop\u011b - Skladov\u00e1 hala - SAG\" class=\"rl-gallery-link\" data-rl_caption=\"P\u0159\u00edprava pro zapojen\u00ed opticko-kou\u0159ov\u00e9ho hl\u00e1si\u010de na strop\u011b - Skladov\u00e1 hala - SAG\" data-rel=\"lightbox-gallery-1\"><img loading=\"lazy\" decoding=\"async\" src=\"https:\/\/elektroinstall.cz\/wp-content\/uploads\/2024\/01\/IMG_6332-1536x2048.jpg\" width=\"1536\" height=\"2048\" alt=\"P\u0159\u00edprava pro zapojen\u00ed opticko-kou\u0159ov\u00e9ho hl\u00e1si\u010de na strop\u011b - Skladov\u00e1 hala - SAG\" \/><span class=\"rl-gallery-caption\"><span class=\"rl-gallery-item-title\">P\u0159\u00edprava pro zapojen\u00ed opticko-kou\u0159ov\u00e9ho hl\u00e1si\u010de na strop\u011b - Skladov\u00e1 hala - SAG<\/span><\/span><\/a><\/div><div class=\"rl-gallery-item\"><a href=\"https:\/\/elektroinstall.cz\/wp-content\/uploads\/2024\/01\/IMG_6268-1536x2048.jpg\" title=\"P\u0159\u00edprava pro zapojen\u00ed opticko-kou\u0159ov\u00e9ho hl\u00e1si\u010de na strop\u011b - Skladov\u00e1 hala - SAG\" data-rl_title=\"P\u0159\u00edprava pro zapojen\u00ed opticko-kou\u0159ov\u00e9ho hl\u00e1si\u010de na strop\u011b - Skladov\u00e1 hala - SAG\" class=\"rl-gallery-link\" data-rl_caption=\"P\u0159\u00edprava pro zapojen\u00ed opticko-kou\u0159ov\u00e9ho hl\u00e1si\u010de na strop\u011b - Skladov\u00e1 hala - SAG\" data-rel=\"lightbox-gallery-1\"><img loading=\"lazy\" decoding=\"async\" src=\"https:\/\/elektroinstall.cz\/wp-content\/uploads\/2024\/01\/IMG_6268-1536x2048.jpg\" width=\"1536\" height=\"2048\" alt=\"P\u0159\u00edprava pro zapojen\u00ed opticko-kou\u0159ov\u00e9ho hl\u00e1si\u010de na strop\u011b - Skladov\u00e1 hala - SAG\" \/><span class=\"rl-gallery-caption\"><span class=\"rl-gallery-item-title\">P\u0159\u00edprava pro zapojen\u00ed opticko-kou\u0159ov\u00e9ho hl\u00e1si\u010de na strop\u011b - Skladov\u00e1 hala - SAG<\/span><\/span><\/a><\/div><div class=\"rl-gallery-item\"><a href=\"https:\/\/elektroinstall.cz\/wp-content\/uploads\/2024\/01\/IMG_6137-1536x2048.jpg\" title=\"P\u0159\u00edprava pro sveden\u00ed kabel\u016f ur\u010den\u00fdch pro opticko-kou\u0159ov\u00e9 hl\u00e1si\u010de v reg\u00e1lech - Skladov\u00e1 hala - SAG\" data-rl_title=\"P\u0159\u00edprava pro sveden\u00ed kabel\u016f ur\u010den\u00fdch pro opticko-kou\u0159ov\u00e9 hl\u00e1si\u010de v reg\u00e1lech - Skladov\u00e1 hala - SAG\" class=\"rl-gallery-link\" data-rl_caption=\"P\u0159\u00edprava pro sveden\u00ed kabel\u016f ur\u010den\u00fdch pro opticko-kou\u0159ov\u00e9 hl\u00e1si\u010de v reg\u00e1lech - Skladov\u00e1 hala - SAG\" data-rel=\"lightbox-gallery-1\"><img loading=\"lazy\" decoding=\"async\" src=\"https:\/\/elektroinstall.cz\/wp-content\/uploads\/2024\/01\/IMG_6137-1536x2048.jpg\" width=\"1536\" height=\"2048\" alt=\"P\u0159\u00edprava pro sveden\u00ed kabel\u016f ur\u010den\u00fdch pro opticko-kou\u0159ov\u00e9 hl\u00e1si\u010de v reg\u00e1lech - Skladov\u00e1 hala - SAG\" \/><span class=\"rl-gallery-caption\"><span class=\"rl-gallery-item-title\">P\u0159\u00edprava pro sveden\u00ed kabel\u016f ur\u010den\u00fdch pro opticko-kou\u0159ov\u00e9 hl\u00e1si\u010de v reg\u00e1lech - Skladov\u00e1 hala - SAG<\/span><\/span><\/a><\/div><div class=\"rl-gallery-item\"><a href=\"https:\/\/elektroinstall.cz\/wp-content\/uploads\/2024\/01\/IMG_6139-1536x2048.jpg\" title=\"P\u0159\u00edprava pro sveden\u00ed kabel\u016f ur\u010den\u00fdch pro opticko-kou\u0159ov\u00e9 hl\u00e1si\u010de v reg\u00e1lech - Skladov\u00e1 hala - SAG\" data-rl_title=\"P\u0159\u00edprava pro sveden\u00ed kabel\u016f ur\u010den\u00fdch pro opticko-kou\u0159ov\u00e9 hl\u00e1si\u010de v reg\u00e1lech - Skladov\u00e1 hala - SAG\" class=\"rl-gallery-link\" data-rl_caption=\"P\u0159\u00edprava pro sveden\u00ed kabel\u016f ur\u010den\u00fdch pro opticko-kou\u0159ov\u00e9 hl\u00e1si\u010de v reg\u00e1lech - Skladov\u00e1 hala - SAG\" data-rel=\"lightbox-gallery-1\"><img loading=\"lazy\" decoding=\"async\" src=\"https:\/\/elektroinstall.cz\/wp-content\/uploads\/2024\/01\/IMG_6139-1536x2048.jpg\" width=\"1536\" height=\"2048\" alt=\"P\u0159\u00edprava pro sveden\u00ed kabel\u016f ur\u010den\u00fdch pro opticko-kou\u0159ov\u00e9 hl\u00e1si\u010de v reg\u00e1lech - Skladov\u00e1 hala - SAG\" \/><span class=\"rl-gallery-caption\"><span class=\"rl-gallery-item-title\">P\u0159\u00edprava pro sveden\u00ed kabel\u016f ur\u010den\u00fdch pro opticko-kou\u0159ov\u00e9 hl\u00e1si\u010de v reg\u00e1lech - Skladov\u00e1 hala - SAG<\/span><\/span><\/a><\/div><div class=\"rl-gallery-item\"><a href=\"https:\/\/elektroinstall.cz\/wp-content\/uploads\/2024\/01\/IMG_6331-1536x2048.jpg\" title=\"Sveden\u00ed kabel\u016f ur\u010den\u00fdch pro opticko-kou\u0159ov\u00e9ho hl\u00e1si\u010de v reg\u00e1lech - Skladov\u00e1 hala - SAG\" data-rl_title=\"Sveden\u00ed kabel\u016f ur\u010den\u00fdch pro opticko-kou\u0159ov\u00e9ho hl\u00e1si\u010de v reg\u00e1lech - Skladov\u00e1 hala - SAG\" class=\"rl-gallery-link\" data-rl_caption=\"Sveden\u00ed kabel\u016f ur\u010den\u00fdch pro opticko-kou\u0159ov\u00e9ho hl\u00e1si\u010de v reg\u00e1lech - Skladov\u00e1 hala - SAG\" data-rel=\"lightbox-gallery-1\"><img loading=\"lazy\" decoding=\"async\" src=\"https:\/\/elektroinstall.cz\/wp-content\/uploads\/2024\/01\/IMG_6331-1536x2048.jpg\" width=\"1536\" height=\"2048\" alt=\"Sveden\u00ed kabel\u016f ur\u010den\u00fdch pro opticko-kou\u0159ov\u00e9ho hl\u00e1si\u010de v reg\u00e1lech - Skladov\u00e1 hala - SAG\" \/><span class=\"rl-gallery-caption\"><span class=\"rl-gallery-item-title\">Sveden\u00ed kabel\u016f ur\u010den\u00fdch pro opticko-kou\u0159ov\u00e9ho hl\u00e1si\u010de v reg\u00e1lech - Skladov\u00e1 hala - SAG<\/span><\/span><\/a><\/div><div class=\"rl-gallery-item\"><a href=\"https:\/\/elektroinstall.cz\/wp-content\/uploads\/2024\/01\/IMG_6258-1536x2048.jpg\" title=\"Veden\u00ed kabel\u016f ur\u010den\u00fdch pro opticko-kou\u0159ov\u00e9 hl\u00e1si\u010de v reg\u00e1lech - Skladov\u00e1 hala - SAG\" data-rl_title=\"Veden\u00ed kabel\u016f ur\u010den\u00fdch pro opticko-kou\u0159ov\u00e9 hl\u00e1si\u010de v reg\u00e1lech - Skladov\u00e1 hala - SAG\" class=\"rl-gallery-link\" data-rl_caption=\"Veden\u00ed kabel\u016f ur\u010den\u00fdch pro opticko-kou\u0159ov\u00e9 hl\u00e1si\u010de v reg\u00e1lech - Skladov\u00e1 hala - SAG\" data-rel=\"lightbox-gallery-1\"><img loading=\"lazy\" decoding=\"async\" src=\"https:\/\/elektroinstall.cz\/wp-content\/uploads\/2024\/01\/IMG_6258-1536x2048.jpg\" width=\"1536\" height=\"2048\" alt=\"Veden\u00ed kabel\u016f ur\u010den\u00fdch pro opticko-kou\u0159ov\u00e9 hl\u00e1si\u010de v reg\u00e1lech - Skladov\u00e1 hala - SAG\" \/><span class=\"rl-gallery-caption\"><span class=\"rl-gallery-item-title\">Veden\u00ed kabel\u016f ur\u010den\u00fdch pro opticko-kou\u0159ov\u00e9 hl\u00e1si\u010de v reg\u00e1lech - Skladov\u00e1 hala - SAG<\/span><\/span><\/a><\/div><div class=\"rl-gallery-item\"><a href=\"https:\/\/elektroinstall.cz\/wp-content\/uploads\/2024\/01\/IMG_6142-1536x2048.jpg\" title=\"P\u0159\u00edprava pro nata\u017een\u00ed kabel\u016f ur\u010den\u00fdch pro opticko-kou\u0159ov\u00e9 hl\u00e1si\u010de v reg\u00e1lech - Skladov\u00e1 hala - SAG\" data-rl_title=\"P\u0159\u00edprava pro nata\u017een\u00ed kabel\u016f ur\u010den\u00fdch pro opticko-kou\u0159ov\u00e9 hl\u00e1si\u010de v reg\u00e1lech - Skladov\u00e1 hala - SAG\" class=\"rl-gallery-link\" data-rl_caption=\"P\u0159\u00edprava pro nata\u017een\u00ed kabel\u016f ur\u010den\u00fdch pro opticko-kou\u0159ov\u00e9 hl\u00e1si\u010de v reg\u00e1lech - Skladov\u00e1 hala - SAG\" data-rel=\"lightbox-gallery-1\"><img loading=\"lazy\" decoding=\"async\" src=\"https:\/\/elektroinstall.cz\/wp-content\/uploads\/2024\/01\/IMG_6142-1536x2048.jpg\" width=\"1536\" height=\"2048\" alt=\"P\u0159\u00edprava pro nata\u017een\u00ed kabel\u016f ur\u010den\u00fdch pro opticko-kou\u0159ov\u00e9 hl\u00e1si\u010de v reg\u00e1lech - Skladov\u00e1 hala - SAG\" \/><span class=\"rl-gallery-caption\"><span class=\"rl-gallery-item-title\">P\u0159\u00edprava pro nata\u017een\u00ed kabel\u016f ur\u010den\u00fdch pro opticko-kou\u0159ov\u00e9 hl\u00e1si\u010de v reg\u00e1lech - Skladov\u00e1 hala - SAG<\/span><\/span><\/a><\/div><div class=\"rl-gallery-item\"><a href=\"https:\/\/elektroinstall.cz\/wp-content\/uploads\/2024\/01\/IMG_6333-1536x2048.jpg\" title=\"P\u0159\u00edprava pro zapojen\u00ed opticko-kou\u0159ov\u00fdch hl\u00e1si\u010d\u016f v reg\u00e1lech - Skladov\u00e1 hala - SAG\" data-rl_title=\"P\u0159\u00edprava pro zapojen\u00ed opticko-kou\u0159ov\u00fdch hl\u00e1si\u010d\u016f v reg\u00e1lech - Skladov\u00e1 hala - SAG\" class=\"rl-gallery-link\" data-rl_caption=\"P\u0159\u00edprava pro zapojen\u00ed opticko-kou\u0159ov\u00fdch hl\u00e1si\u010d\u016f v reg\u00e1lech - Skladov\u00e1 hala - SAG\" data-rel=\"lightbox-gallery-1\"><img loading=\"lazy\" decoding=\"async\" src=\"https:\/\/elektroinstall.cz\/wp-content\/uploads\/2024\/01\/IMG_6333-1536x2048.jpg\" width=\"1536\" height=\"2048\" alt=\"P\u0159\u00edprava pro zapojen\u00ed opticko-kou\u0159ov\u00fdch hl\u00e1si\u010d\u016f v reg\u00e1lech - Skladov\u00e1 hala - SAG\" \/><span class=\"rl-gallery-caption\"><span class=\"rl-gallery-item-title\">P\u0159\u00edprava pro zapojen\u00ed opticko-kou\u0159ov\u00fdch hl\u00e1si\u010d\u016f v reg\u00e1lech - Skladov\u00e1 hala - SAG<\/span><\/span><\/a><\/div><div class=\"rl-gallery-item\"><a href=\"https:\/\/elektroinstall.cz\/wp-content\/uploads\/2024\/01\/IMG_6260-1536x2048.jpg\" title=\"P\u0159\u00edprava pro zapojen\u00ed opticko-kou\u0159ov\u00fdch hl\u00e1si\u010d\u016f v reg\u00e1lech - Skladov\u00e1 hala - SAG\" data-rl_title=\"P\u0159\u00edprava pro zapojen\u00ed opticko-kou\u0159ov\u00fdch hl\u00e1si\u010d\u016f v reg\u00e1lech - Skladov\u00e1 hala - SAG\" class=\"rl-gallery-link\" data-rl_caption=\"P\u0159\u00edprava pro zapojen\u00ed opticko-kou\u0159ov\u00fdch hl\u00e1si\u010d\u016f v reg\u00e1lech - Skladov\u00e1 hala - SAG\" data-rel=\"lightbox-gallery-1\"><img loading=\"lazy\" decoding=\"async\" src=\"https:\/\/elektroinstall.cz\/wp-content\/uploads\/2024\/01\/IMG_6260-1536x2048.jpg\" width=\"1536\" height=\"2048\" alt=\"P\u0159\u00edprava pro zapojen\u00ed opticko-kou\u0159ov\u00fdch hl\u00e1si\u010d\u016f v reg\u00e1lech - Skladov\u00e1 hala - SAG\" \/><span class=\"rl-gallery-caption\"><span class=\"rl-gallery-item-title\">P\u0159\u00edprava pro zapojen\u00ed opticko-kou\u0159ov\u00fdch hl\u00e1si\u010d\u016f v reg\u00e1lech - Skladov\u00e1 hala - SAG<\/span><\/span><\/a><\/div><div class=\"rl-gallery-item\"><a href=\"https:\/\/elektroinstall.cz\/wp-content\/uploads\/2024\/01\/IMG_6136-1536x2048.jpg\" title=\"Zapojov\u00e1n\u00ed opticko-kou\u0159ov\u00fdch hl\u00e1si\u010d\u016f v reg\u00e1lech - Skladov\u00e1 hala - SAG\" data-rl_title=\"Zapojov\u00e1n\u00ed opticko-kou\u0159ov\u00fdch hl\u00e1si\u010d\u016f v reg\u00e1lech - Skladov\u00e1 hala - SAG\" class=\"rl-gallery-link\" data-rl_caption=\"Zapojov\u00e1n\u00ed opticko-kou\u0159ov\u00fdch hl\u00e1si\u010d\u016f v reg\u00e1lech - Skladov\u00e1 hala - SAG\" data-rel=\"lightbox-gallery-1\"><img loading=\"lazy\" decoding=\"async\" src=\"https:\/\/elektroinstall.cz\/wp-content\/uploads\/2024\/01\/IMG_6136-1536x2048.jpg\" width=\"1536\" height=\"2048\" alt=\"Zapojov\u00e1n\u00ed opticko-kou\u0159ov\u00fdch hl\u00e1si\u010d\u016f v reg\u00e1lech - Skladov\u00e1 hala - SAG\" \/><span class=\"rl-gallery-caption\"><span class=\"rl-gallery-item-title\">Zapojov\u00e1n\u00ed opticko-kou\u0159ov\u00fdch hl\u00e1si\u010d\u016f v reg\u00e1lech - Skladov\u00e1 hala - SAG<\/span><\/span><\/a><\/div><div class=\"rl-gallery-item\"><a href=\"https:\/\/elektroinstall.cz\/wp-content\/uploads\/2024\/01\/IMG_6284-1536x2048.jpg\" title=\"Zapojen\u00ed opticko-kou\u0159ov\u00fdch hl\u00e1si\u010d\u016f v reg\u00e1lech - Skladov\u00e1 hala - SAG\" data-rl_title=\"Zapojen\u00ed opticko-kou\u0159ov\u00fdch hl\u00e1si\u010d\u016f v reg\u00e1lech - Skladov\u00e1 hala - SAG\" class=\"rl-gallery-link\" data-rl_caption=\"Zapojen\u00ed opticko-kou\u0159ov\u00fdch hl\u00e1si\u010d\u016f v reg\u00e1lech - Skladov\u00e1 hala - SAG\" data-rel=\"lightbox-gallery-1\"><img loading=\"lazy\" decoding=\"async\" src=\"https:\/\/elektroinstall.cz\/wp-content\/uploads\/2024\/01\/IMG_6284-1536x2048.jpg\" width=\"1536\" height=\"2048\" alt=\"Zapojen\u00ed opticko-kou\u0159ov\u00fdch hl\u00e1si\u010d\u016f v reg\u00e1lech - Skladov\u00e1 hala - SAG\" \/><span class=\"rl-gallery-caption\"><span class=\"rl-gallery-item-title\">Zapojen\u00ed opticko-kou\u0159ov\u00fdch hl\u00e1si\u010d\u016f v reg\u00e1lech - Skladov\u00e1 hala - SAG<\/span><\/span><\/a><\/div><div class=\"rl-gallery-item\"><a href=\"https:\/\/elektroinstall.cz\/wp-content\/uploads\/2024\/01\/IMG_6283-1536x2048.jpg\" title=\"Zapojen\u00ed opticko-kou\u0159ov\u00fdch hl\u00e1si\u010d\u016f v reg\u00e1lech - Skladov\u00e1 hala - SAG\" data-rl_title=\"Zapojen\u00ed opticko-kou\u0159ov\u00fdch hl\u00e1si\u010d\u016f v reg\u00e1lech - Skladov\u00e1 hala - SAG\" class=\"rl-gallery-link\" data-rl_caption=\"Zapojen\u00ed opticko-kou\u0159ov\u00fdch hl\u00e1si\u010d\u016f v reg\u00e1lech - Skladov\u00e1 hala - SAG\" data-rel=\"lightbox-gallery-1\"><img loading=\"lazy\" decoding=\"async\" src=\"https:\/\/elektroinstall.cz\/wp-content\/uploads\/2024\/01\/IMG_6283-1536x2048.jpg\" width=\"1536\" height=\"2048\" alt=\"Zapojen\u00ed opticko-kou\u0159ov\u00fdch hl\u00e1si\u010d\u016f v reg\u00e1lech - Skladov\u00e1 hala - SAG\" \/><span class=\"rl-gallery-caption\"><span class=\"rl-gallery-item-title\">Zapojen\u00ed opticko-kou\u0159ov\u00fdch hl\u00e1si\u010d\u016f v reg\u00e1lech - Skladov\u00e1 hala - SAG<\/span><\/span><\/a><\/div><div class=\"rl-gallery-item\"><a href=\"https:\/\/elektroinstall.cz\/wp-content\/uploads\/2024\/01\/IMG_6329-1536x2048.jpg\" title=\"Zapojen\u00ed opticko-kou\u0159ov\u00fdch hl\u00e1si\u010d\u016f v reg\u00e1lech - Skladov\u00e1 hala - SAG\" data-rl_title=\"Zapojen\u00ed opticko-kou\u0159ov\u00fdch hl\u00e1si\u010d\u016f v reg\u00e1lech - Skladov\u00e1 hala - SAG\" class=\"rl-gallery-link\" data-rl_caption=\"Zapojen\u00ed opticko-kou\u0159ov\u00fdch hl\u00e1si\u010d\u016f v reg\u00e1lech - Skladov\u00e1 hala - SAG\" data-rel=\"lightbox-gallery-1\"><img loading=\"lazy\" decoding=\"async\" src=\"https:\/\/elektroinstall.cz\/wp-content\/uploads\/2024\/01\/IMG_6329-1536x2048.jpg\" width=\"1536\" height=\"2048\" alt=\"Zapojen\u00ed opticko-kou\u0159ov\u00fdch hl\u00e1si\u010d\u016f v reg\u00e1lech - Skladov\u00e1 hala - SAG\" \/><span class=\"rl-gallery-caption\"><span class=\"rl-gallery-item-title\">Zapojen\u00ed opticko-kou\u0159ov\u00fdch hl\u00e1si\u010d\u016f v reg\u00e1lech - Skladov\u00e1 hala - SAG<\/span><\/span><\/a><\/div><div class=\"rl-gallery-item\"><a href=\"https:\/\/elektroinstall.cz\/wp-content\/uploads\/2024\/01\/IMG_6356-1536x2048.jpg\" title=\"Uchycen\u00ed neho\u0159lav\u00fdch kabel\u016f pro po\u017e\u00e1rn\u00ed sir\u00e9ny - Skladov\u00e1 hala - SAG\" data-rl_title=\"Uchycen\u00ed neho\u0159lav\u00fdch kabel\u016f pro po\u017e\u00e1rn\u00ed sir\u00e9ny - Skladov\u00e1 hala - SAG\" class=\"rl-gallery-link\" data-rl_caption=\"Uchycen\u00ed neho\u0159lav\u00fdch kabel\u016f pro po\u017e\u00e1rn\u00ed sir\u00e9ny - Skladov\u00e1 hala - SAG\" data-rel=\"lightbox-gallery-1\"><img loading=\"lazy\" decoding=\"async\" src=\"https:\/\/elektroinstall.cz\/wp-content\/uploads\/2024\/01\/IMG_6356-1536x2048.jpg\" width=\"1536\" height=\"2048\" alt=\"Uchycen\u00ed neho\u0159lav\u00fdch kabel\u016f pro po\u017e\u00e1rn\u00ed sir\u00e9ny - Skladov\u00e1 hala - SAG\" \/><span class=\"rl-gallery-caption\"><span class=\"rl-gallery-item-title\">Uchycen\u00ed neho\u0159lav\u00fdch kabel\u016f pro po\u017e\u00e1rn\u00ed sir\u00e9ny - Skladov\u00e1 hala - SAG<\/span><\/span><\/a><\/div><div class=\"rl-gallery-item\"><a href=\"https:\/\/elektroinstall.cz\/wp-content\/uploads\/2024\/01\/IMG_6365-1536x2048.jpg\" title=\"Veden\u00ed neho\u0159lav\u00fdch kabel\u016f pro po\u017e\u00e1rn\u00ed sir\u00e9ny - Skladov\u00e1 hala - SAG\" data-rl_title=\"Veden\u00ed neho\u0159lav\u00fdch kabel\u016f pro po\u017e\u00e1rn\u00ed sir\u00e9ny - Skladov\u00e1 hala - SAG\" class=\"rl-gallery-link\" data-rl_caption=\"Veden\u00ed neho\u0159lav\u00fdch kabel\u016f pro po\u017e\u00e1rn\u00ed sir\u00e9ny - Skladov\u00e1 hala - SAG\" data-rel=\"lightbox-gallery-1\"><img loading=\"lazy\" decoding=\"async\" src=\"https:\/\/elektroinstall.cz\/wp-content\/uploads\/2024\/01\/IMG_6365-1536x2048.jpg\" width=\"1536\" height=\"2048\" alt=\"Veden\u00ed neho\u0159lav\u00fdch kabel\u016f pro po\u017e\u00e1rn\u00ed sir\u00e9ny - Skladov\u00e1 hala - SAG\" \/><span class=\"rl-gallery-caption\"><span class=\"rl-gallery-item-title\">Veden\u00ed neho\u0159lav\u00fdch kabel\u016f pro po\u017e\u00e1rn\u00ed sir\u00e9ny - Skladov\u00e1 hala - SAG<\/span><\/span><\/a><\/div><div class=\"rl-gallery-item\"><a href=\"https:\/\/elektroinstall.cz\/wp-content\/uploads\/2024\/01\/IMG_6358-1536x2048.jpg\" title=\"Veden\u00ed neho\u0159lav\u00fdch kabel\u016f pro po\u017e\u00e1rn\u00ed sir\u00e9ny - Skladov\u00e1 hala - SAG\" data-rl_title=\"Veden\u00ed neho\u0159lav\u00fdch kabel\u016f pro po\u017e\u00e1rn\u00ed sir\u00e9ny - Skladov\u00e1 hala - SAG\" class=\"rl-gallery-link\" data-rl_caption=\"Veden\u00ed neho\u0159lav\u00fdch kabel\u016f pro po\u017e\u00e1rn\u00ed sir\u00e9ny - Skladov\u00e1 hala - SAG\" data-rel=\"lightbox-gallery-1\"><img loading=\"lazy\" decoding=\"async\" src=\"https:\/\/elektroinstall.cz\/wp-content\/uploads\/2024\/01\/IMG_6358-1536x2048.jpg\" width=\"1536\" height=\"2048\" alt=\"Veden\u00ed neho\u0159lav\u00fdch kabel\u016f pro po\u017e\u00e1rn\u00ed sir\u00e9ny - Skladov\u00e1 hala - SAG\" \/><span class=\"rl-gallery-caption\"><span class=\"rl-gallery-item-title\">Veden\u00ed neho\u0159lav\u00fdch kabel\u016f pro po\u017e\u00e1rn\u00ed sir\u00e9ny - Skladov\u00e1 hala - SAG<\/span><\/span><\/a><\/div><div class=\"rl-gallery-item\"><a href=\"https:\/\/elektroinstall.cz\/wp-content\/uploads\/2024\/01\/IMG_6378-1536x2048.jpg\" title=\"Veden\u00ed neho\u0159lav\u00fdch kabel\u016f pro po\u017e\u00e1rn\u00ed sir\u00e9ny a kabel\u016f pro opticko-kou\u0159ov\u00e9 hl\u00e1si\u010de do \u00fast\u0159edny - Skladov\u00e1 hala - SAG\" data-rl_title=\"Veden\u00ed neho\u0159lav\u00fdch kabel\u016f pro po\u017e\u00e1rn\u00ed sir\u00e9ny a kabel\u016f pro opticko-kou\u0159ov\u00e9 hl\u00e1si\u010de do \u00fast\u0159edny - Skladov\u00e1 hala - SAG\" class=\"rl-gallery-link\" data-rl_caption=\"Veden\u00ed neho\u0159lav\u00fdch kabel\u016f pro po\u017e\u00e1rn\u00ed sir\u00e9ny a kabel\u016f pro opticko-kou\u0159ov\u00e9 hl\u00e1si\u010de do \u00fast\u0159edny - Skladov\u00e1 hala - SAG\" data-rel=\"lightbox-gallery-1\"><img loading=\"lazy\" decoding=\"async\" src=\"https:\/\/elektroinstall.cz\/wp-content\/uploads\/2024\/01\/IMG_6378-1536x2048.jpg\" width=\"1536\" height=\"2048\" alt=\"Veden\u00ed neho\u0159lav\u00fdch kabel\u016f pro po\u017e\u00e1rn\u00ed sir\u00e9ny a kabel\u016f pro opticko-kou\u0159ov\u00e9 hl\u00e1si\u010de do \u00fast\u0159edny - Skladov\u00e1 hala - SAG\" \/><span class=\"rl-gallery-caption\"><span class=\"rl-gallery-item-title\">Veden\u00ed neho\u0159lav\u00fdch kabel\u016f pro po\u017e\u00e1rn\u00ed sir\u00e9ny a kabel\u016f pro opticko-kou\u0159ov\u00e9 hl\u00e1si\u010de do \u00fast\u0159edny - Skladov\u00e1 hala - SAG<\/span><\/span><\/a><\/div><div class=\"rl-gallery-item\"><a href=\"https:\/\/elektroinstall.cz\/wp-content\/uploads\/2024\/01\/0dedbf7f-a9f3-46cd-a629-24b9760c0bf8.jpg\" title=\"Um\u00edst\u011bn\u00ed kabel\u016f na zapojen\u00ed do \u00fast\u0159edny EPS - Skladov\u00e1 hala - SAG\" data-rl_title=\"Um\u00edst\u011bn\u00ed kabel\u016f na zapojen\u00ed do \u00fast\u0159edny EPS - Skladov\u00e1 hala - SAG\" class=\"rl-gallery-link\" data-rl_caption=\"Um\u00edst\u011bn\u00ed kabel\u016f na zapojen\u00ed do \u00fast\u0159edny EPS - Skladov\u00e1 hala - SAG\" data-rel=\"lightbox-gallery-1\"><img loading=\"lazy\" decoding=\"async\" src=\"https:\/\/elektroinstall.cz\/wp-content\/uploads\/2024\/01\/0dedbf7f-a9f3-46cd-a629-24b9760c0bf8.jpg\" width=\"1512\" height=\"2016\" alt=\"Um\u00edst\u011bn\u00ed kabel\u016f na zapojen\u00ed do \u00fast\u0159edny EPS - Skladov\u00e1 hala - SAG\" \/><span class=\"rl-gallery-caption\"><span class=\"rl-gallery-item-title\">Um\u00edst\u011bn\u00ed kabel\u016f na zapojen\u00ed do \u00fast\u0159edny EPS - Skladov\u00e1 hala - SAG<\/span><\/span><\/a><\/div> <\/div> <\/div><\/div>\n","protected":false},"excerpt":{"rendered":"","protected":false},"author":1,"featured_media":0,"parent":0,"menu_order":0,"comment_status":"closed","ping_status":"closed","template":"","meta":{"footnotes":""},"class_list":["post-3658","page","type-page","status-publish","hentry"],"_links":{"self":[{"href":"https:\/\/elektroinstall.cz\/index.php?rest_route=\/wp\/v2\/pages\/3658","targetHints":{"allow":["GET"]}}],"collection":[{"href":"https:\/\/elektroinstall.cz\/index.php?rest_route=\/wp\/v2\/pages"}],"about":[{"href":"https:\/\/elektroinstall.cz\/index.php?rest_route=\/wp\/v2\/types\/page"}],"author":[{"embeddable":true,"href":"https:\/\/elektroinstall.cz\/index.php?rest_route=\/wp\/v2\/users\/1"}],"replies":[{"embeddable":true,"href":"https:\/\/elektroinstall.cz\/index.php?rest_route=%2Fwp%2Fv2%2Fcomments&post=3658"}],"version-history":[{"count":2,"href":"https:\/\/elektroinstall.cz\/index.php?rest_route=\/wp\/v2\/pages\/3658\/revisions"}],"predecessor-version":[{"id":3931,"href":"https:\/\/elektroinstall.cz\/index.php?rest_route=\/wp\/v2\/pages\/3658\/revisions\/3931"}],"wp:attachment":[{"href":"https:\/\/elektroinstall.cz\/index.php?rest_route=%2Fwp%2Fv2%2Fmedia&parent=3658"}],"curies":[{"name":"wp","href":"https:\/\/api.w.org\/{rel}","templated":true}]}}